{"id":1700,"date":"2017-02-11T14:33:55","date_gmt":"2017-02-11T12:33:55","guid":{"rendered":"http:\/\/consulting.stylemixthemes.com\/demo\/?page_id=1700"},"modified":"2018-01-20T14:55:08","modified_gmt":"2018-01-20T12:55:08","slug":"hakkimizda","status":"publish","type":"page","link":"http:\/\/caglarkaranfil.com.tr\/index.php\/hakkimizda\/","title":{"rendered":"Hakk\u0131m\u0131zda"},"content":{"rendered":"<p>[vc_row][vc_column width=&#8221;1\/2&#8243;][vc_column_text]G\u0131da sekt\u00f6r\u00fcnde kuruyemi\u015f ve \u015fekerleme alan\u0131nda 2000 y\u0131l\u0131nda faaliyete ba\u015flayan \u201cKaranfil Kuruyemi\u015f\u201d;\u00fcr\u00fcn, \u00fcretim ve pazarlamaya<br \/>\ny\u00f6nelik hizmet anlay\u0131\u015f\u0131n\u0131 h\u0131zla geli\u015ftirerek markas\u0131na yat\u0131r\u0131m yapm\u0131\u015f, t\u00fcketiciye daha kaliteli daha se\u00e7kin ve daha \u00f6zenle haz\u0131rlanm\u0131\u015f<br \/>\n\u00fcr\u00fcnler sunabilmek i\u00e7in s\u00fcrekli kendisini geli\u015ftirerek yat\u0131r\u0131mlar\u0131na devam etmi\u015ftir.<\/p>\n<p>Geli\u015fen, \u00e7al\u0131\u015fan\u0131 ve m\u00fc\u015fteri ile bir b\u00fct\u00fcn olarak b\u00fcy\u00fcyen \u201cKaranfil Kuruyemi\u015f\u201d bu \u00e7izgide; tarladaki \u00fcretimden son t\u00fcketiciye kadar<br \/>\nki b\u00fct\u00fcn a\u015famalar\u0131 kontrol ederek, ham \u00fcr\u00fcn giri\u015flerini ve \u00fcretilmi\u015f \u00fcr\u00fcn \u00e7\u0131k\u0131\u015flar\u0131n\u0131\u00a0<strong>ISO 22000:2005, ISO 9001:2000<\/strong>\u00a0gibi sistem<br \/>\nbelgeleri ile de kontrol alt\u0131na alm\u0131\u015ft\u0131r.<\/p>\n<p>Kurumsalla\u015fan \u201cKaranfil Kuruyemi\u015f\u201d daima yat\u0131r\u0131mlar\u0131na devam ederek, AR-GE \u00e7al\u0131\u015fmalar\u0131yla da \u00fcr\u00fcn konseptini daha da geli\u015ftirecektir.\u201d Kendine yapt\u0131\u011f\u0131 yat\u0131r\u0131mlar m\u00fc\u015fteriye yap\u0131lan yat\u0131r\u0131md\u0131r\u201d anlay\u0131\u015f\u0131 ile de daima geli\u015ferek<br \/>\nb\u00fcy\u00fcyecektir.[\/vc_column_text][\/vc_column][vc_column width=&#8221;1\/2&#8243;][vc_single_image image=&#8221;1851&#8243; img_size=&#8221;full&#8221;][\/vc_column][\/vc_row][vc_row][vc_column][vc_column_text]#foto\u011frafgalerisi[\/vc_column_text][\/vc_column][\/vc_row]<\/p>\n","protected":false},"excerpt":{"rendered":"<p>[vc_row][vc_column width=&#8221;1\/2&#8243;][vc_column_text]G\u0131da sekt\u00f6r\u00fcnde kuruyemi\u015f ve \u015fekerleme alan\u0131nda 2000 y\u0131l\u0131nda faaliyete ba\u015flayan \u201cKaranfil Kuruyemi\u015f\u201d;\u00fcr\u00fcn, \u00fcretim ve pazarlamaya y\u00f6nelik hizmet anlay\u0131\u015f\u0131n\u0131 h\u0131zla geli\u015ftirerek markas\u0131na yat\u0131r\u0131m yapm\u0131\u015f, t\u00fcketiciye daha kaliteli daha se\u00e7kin ve daha \u00f6zenle haz\u0131rlanm\u0131\u015f \u00fcr\u00fcnler sunabilmek i\u00e7in s\u00fcrekli kendisini geli\u015ftirerek yat\u0131r\u0131mlar\u0131na devam etmi\u015ftir. Geli\u015fen, \u00e7al\u0131\u015fan\u0131 ve m\u00fc\u015fteri ile bir b\u00fct\u00fcn olarak b\u00fcy\u00fcyen \u201cKaranfil Kuruyemi\u015f\u201d bu \u00e7izgide;<\/p>\n","protected":false},"author":1,"featured_media":0,"parent":0,"menu_order":0,"comment_status":"closed","ping_status":"closed","template":"","meta":[],"_links":{"self":[{"href":"http:\/\/caglarkaranfil.com.tr\/index.php\/wp-json\/wp\/v2\/pages\/1700"}],"collection":[{"href":"http:\/\/caglarkaranfil.com.tr\/index.php\/wp-json\/wp\/v2\/pages"}],"about":[{"href":"http:\/\/caglarkaranfil.com.tr\/index.php\/wp-json\/wp\/v2\/types\/page"}],"author":[{"embeddable":true,"href":"http:\/\/caglarkaranfil.com.tr\/index.php\/wp-json\/wp\/v2\/users\/1"}],"replies":[{"embeddable":true,"href":"http:\/\/caglarkaranfil.com.tr\/index.php\/wp-json\/wp\/v2\/comments?post=1700"}],"version-history":[{"count":5,"href":"http:\/\/caglarkaranfil.com.tr\/index.php\/wp-json\/wp\/v2\/pages\/1700\/revisions"}],"predecessor-version":[{"id":1865,"href":"http:\/\/caglarkaranfil.com.tr\/index.php\/wp-json\/wp\/v2\/pages\/1700\/revisions\/1865"}],"wp:attachment":[{"href":"http:\/\/caglarkaranfil.com.tr\/index.php\/wp-json\/wp\/v2\/media?parent=1700"}],"curies":[{"name":"wp","href":"https:\/\/api.w.org\/{rel}","templated":true}]}}